{"version":"1.0","provider_name":"\u0130stanbul Estetik, Plastik ve Rekonstr\u00fcktif Cerrahi - Do\u00e7. Dr. Sedat Tatar","provider_url":"https:\/\/drsedattatar.com\/tr","author_name":"Sedat Tatar","author_url":"https:\/\/drsedattatar.com\/tr\/author\/sedat-tatar\/","title":"G\u00f6z Esteti\u011fi (Badem G\u00f6z) - \u0130stanbul Estetik, Plastik ve Rekonstr\u00fcktif Cerrahi - Do\u00e7. Dr. Sedat Tatar","type":"rich","width":600,"height":338,"html":"<blockquote class=\"wp-embedded-content\" data-secret=\"tt3mmy8sOj\"><a href=\"https:\/\/drsedattatar.com\/tr\/badem-goz\/\">G\u00f6z Esteti\u011fi (Badem G\u00f6z)<\/a><\/blockquote><iframe sandbox=\"allow-scripts\" security=\"restricted\" src=\"https:\/\/drsedattatar.com\/tr\/badem-goz\/embed\/#?secret=tt3mmy8sOj\" width=\"600\" height=\"338\" title=\"&#8220;G\u00f6z Esteti\u011fi (Badem G\u00f6z)&#8221; &#8212; \u0130stanbul Estetik, Plastik ve Rekonstr\u00fcktif Cerrahi - Do\u00e7. Dr. Sedat Tatar\" data-secret=\"tt3mmy8sOj\" frameborder=\"0\" marginwidth=\"0\" marginheight=\"0\" scrolling=\"no\" class=\"wp-embedded-content\"><\/iframe><script>\n\/*! This file is auto-generated *\/\n!function(d,l){\"use strict\";l.querySelector&&d.addEventListener&&\"undefined\"!=typeof URL&&(d.wp=d.wp||{},d.wp.receiveEmbedMessage||(d.wp.receiveEmbedMessage=function(e){var t=e.data;if((t||t.secret||t.message||t.value)&&!\/[^a-zA-Z0-9]\/.test(t.secret)){for(var s,r,n,a=l.querySelectorAll('iframe[data-secret=\"'+t.secret+'\"]'),o=l.querySelectorAll('blockquote[data-secret=\"'+t.secret+'\"]'),c=new RegExp(\"^https?:$\",\"i\"),i=0;i<o.length;i++)o[i].style.display=\"none\";for(i=0;i<a.length;i++)s=a[i],e.source===s.contentWindow&&(s.removeAttribute(\"style\"),\"height\"===t.message?(1e3<(r=parseInt(t.value,10))?r=1e3:~~r<200&&(r=200),s.height=r):\"link\"===t.message&&(r=new URL(s.getAttribute(\"src\")),n=new URL(t.value),c.test(n.protocol))&&n.host===r.host&&l.activeElement===s&&(d.top.location.href=t.value))}},d.addEventListener(\"message\",d.wp.receiveEmbedMessage,!1),l.addEventListener(\"DOMContentLoaded\",function(){for(var e,t,s=l.querySelectorAll(\"iframe.wp-embedded-content\"),r=0;r<s.length;r++)(t=(e=s[r]).getAttribute(\"data-secret\"))||(t=Math.random().toString(36).substring(2,12),e.src+=\"#?secret=\"+t,e.setAttribute(\"data-secret\",t)),e.contentWindow.postMessage({message:\"ready\",secret:t},\"*\")},!1)))}(window,document);\n<\/script>\n","description":"Ka\u015f d\u00fc\u015f\u00fckl\u00fc\u011f\u00fc ve \u015faka b\u00f6lgesindeki, g\u00f6z \u00e7evresindeki sarkmalar\u0131n giderilmesi ama\u00e7l\u0131 yap\u0131l\u0131r. Temporal lift nas\u0131l yap\u0131l\u0131r? Genel anestezi alt\u0131nda ortalama 45 dakika- 1 saat s\u00fcren temporal lift ameliyat\u0131nda, sa\u00e7l\u0131 deri i\u00e7erisinden insizyon yap\u0131l\u0131r.D\u0131\u015fardan g\u00f6r\u00fclen kesi izi olu\u015fmaz. Derin planda ka\u015f,\u015faka b\u00f6lgesi yukar\u0131 kald\u0131r\u0131larak ve gerekirse g\u00f6z kenar\u0131 da yukar\u0131 kald\u0131r\u0131larak kantopeksi de (badem g\u00f6z) yap\u0131labilir. Temporal..."}